{"id":91,"date":"2011-04-14T15:00:40","date_gmt":"2011-04-14T13:00:40","guid":{"rendered":"http:\/\/www.conservationinethiopia.org\/?page_id=91"},"modified":"2011-08-20T23:02:19","modified_gmt":"2011-08-20T21:02:19","slug":"debre-selam-mikael-byggnad-och-malningar","status":"publish","type":"page","link":"https:\/\/se.conservationinethiopia.org\/?page_id=91","title":{"rendered":"Konst &#038; arkitektur"},"content":{"rendered":"<h1><span style=\"color: #000000;\">DEBRE SELAM MIKA&#8217;EL<\/span><br \/>\n<span style=\"font-size: 15px; color: #000000;\">M\u00e5lningar och byggnad &#8211; kort beskrivning<\/span><\/h1>\n<h6><span style=\"font-style: italic; color: #000000;\">Damages to cultural property belonging to any people whatsovever<\/span><br \/>\n<span style=\"font-style: italic; color: #000000;\"> means damages to the cultural heritage of all mankind<\/span><br \/>\n<span style=\"font-style: italic; color: #000000;\"> since each people makes its constribution to the cultural of the world<\/span><\/h6>\n<h6 style=\"padding-left: 180px;\"><span style=\"color: #000000;\">The Hague convention, 1954<\/span><\/h6>\n<p style=\"padding-left: 240px;\">&nbsp;<\/p>\n<h6 style=\"padding-left: 240px;\"><span style=\"color: #000000;\">Copyright \u00a9 Text och bild SSCECH 2011<\/span><\/h6>\n<h1><img loading=\"lazy\" decoding=\"async\" title=\"Debre Selam Mika'el\" src=\"http:\/\/www.imagonova.com\/MinaFiler\/4.%20n%C3%A4rbild%20av%20dsm.%20foto%20lars%20gerdmar.jpg\" alt=\"\" width=\"450\" height=\"320\" \/><\/h1>\n<h6 style=\"text-align: justify; padding-left: 30px;\">Den sentida portiken som leder in till den till kyrkan Debre Selam Mika&#8217;el<\/h6>\n<p style=\"text-align: justify;\">&nbsp;<\/p>\n<h4 style=\"text-align: justify;\"><span style=\"font-size: 15px; color: #000000;\">Debre \u00a0Selam Mika&#8217;el &#8211; &#8221;En kyrka i en kyrka&#8221;<\/span><\/h4>\n<p style=\"text-align: justify;\">Debre Selam Mika&#8217;el &#8211; en p\u00e4rla bland de medeltida etiopiska kyrkorna &#8211; \u00e4r mycket vackert utformad. Som byggnadsmonument och kulturarv betraktat anses den som en av de v\u00e4rdefullasta i Etiopien. Enligt David W. Phillipson, professor i afrikansk arkeologi och en stor auktoritet p\u00e5 det som r\u00f6r \u00e4ldre etiopisk arkitektur, b\u00f6r denna kyrka dateras till mellan 700- och 1000-talet (<em>Ancient Churches of Ethiopia<\/em>. China, 2009, s. 186).<\/p>\n<p style=\"text-align: justify;\">Byggnaden har formen av en basilika med tre skepp och ett kor (m\u00e4qd\u00e4s). Det \u00e4r en t\u00e4mligen liten kyrka, men dess monumentala planl\u00f6sning och inb\u00f6rdes proportioner f\u00e5r den att framst\u00e5 som en mindre katedral. Den \u00e4r delvis inrymd i en grotta, som sent i byggnadens historia har kompletterats med en utskjutande portik, som bildar ett separat rum fram den egentliga kyrkan. Detta g\u00f6r att Debre Selam Mika&#8217;el ibland ocks\u00e5 kallas f\u00f6r &#8221;en kyrka i en kyrka&#8221;.<\/p>\n<p style=\"text-align: justify;\">&nbsp;<\/p>\n<div class=\"mceTemp\" style=\"text-align: justify;\">\n<dl class=\"wp-caption alignnone\" style=\"width: 470px;\">\n<dt class=\"wp-caption-dt\"><img loading=\"lazy\" decoding=\"async\" title=\"Planritning av J\" src=\"http:\/\/www.imagonova.com\/MinaFiler\/planen%20460%20final-final%20.jpg\" alt=\"\" width=\"460\" height=\"534\" \/><\/dt>\n<\/dl>\n<\/div>\n<h6 style=\"padding-left: 30px;\">Planritning. Jean Gire.<\/h6>\n<p style=\"text-align: justify;\">&nbsp;<\/p>\n<p style=\"text-align: justify;\">Dess mitt- och sidoskepp \u00e4r \u00e5tskilda av valvb\u00e5gar och pelare, och f\u00f6nstren, innefattade i kraftiga tr\u00e4ramar, \u00e4r sk\u00f6nt utmejslade i ljus sandsten. Kvaliteten p\u00e5 hantverket \u00e4r enast\u00e5ende och man h\u00e4pnar \u00f6ver den f\u00f6rm\u00e5ga med vilken man med sl\u00e4ggor och j\u00e4rn h\u00e4r har lyckats gestalta kyrkorummet och dess arkitektoniska formspr\u00e5k. Pelare, kapit\u00e4l, valvb\u00e5gar och nischer \u00e4r huggna med st\u00f6rsta precision och detta g\u00e4ller ocks\u00e5 kyrkans tr\u00e4arbeten.<\/p>\n<div class=\"mceTemp\" style=\"text-align: justify;\">\n<dl class=\"wp-caption alignnone\" style=\"width: 410px;\">\n<dt class=\"wp-caption-dt\"><img loading=\"lazy\" decoding=\"async\" title=\"Genomsk\u00e4rning av J.\" src=\"http:\/\/www.imagonova.com\/MinaFiler\/10.%20planritn%20400,%20genomsk%C3%A4rn.%20debre%20selam%20mikael.%20jean%20gire,%20les%20dossiers%20de%20l'arch%C3%AAologie,%20no%208,%201975.jpg\" alt=\"\" width=\"400\" height=\"572\" \/><\/dt>\n<\/dl>\n<\/div>\n<h6 style=\"text-align: justify; padding-left: 30px;\">Genomsk\u00e4rningsplan. Jean Gire.<\/h6>\n<p style=\"text-align: justify;\">&nbsp;<\/p>\n<p style=\"text-align: justify;\">En ytterligare unik sak f\u00f6r denna kyrkobyggnad \u00e4r korskranket. Vi ser det i den h\u00e4r i den \u00f6vre genomsk\u00e4rningsplanen. Elegant utskuret med sk\u00f6nt m\u00f6nstrade v\u00e4ggpaneler skiljer det l\u00e5ngskeppet fr\u00e5n koret (m\u00e4qd\u00e4s). Medeltida korskrankt finns endast bevarade i f\u00e5 andra etiopiska kyrkor och det \u00e4r bara det i Debre Selam Mika&#8217;el som alltj\u00e4mt bevarar sin triumfb\u00e5ge.<\/p>\n<h4 style=\"text-align: justify;\"><span style=\"color: #000000;\">Byggnadstekniken uthuggen och konstruerad<\/span><\/h4>\n<p style=\"text-align: justify;\"><span style=\"font-weight: normal; color: #000000;\">Debre Selam Mika&#8217;el \u00e4r till merparten en monolitisk byggnad, uthuggen direkt ur berget i ett stycke (se planritning ovan). Men dess s\u00f6dra och \u00f6stra v\u00e4ggpartier \u00e4r konstruerade, uppmurade med vitkalkade sandstensblock, varvade med timmerstockar, och gestaltar en design och teknik som minner om den allra \u00e4ldsta etiopiska arkitekturen. Som endast en av en handfull bevarade etiopiska kyrkor uppf\u00f6rda i denna s\u00e5 kallade aksumitiska stil, avspeglar dessa murverk byggnadskonsten fr\u00e5n det aksumitiska riket (ca 150 f.Kr. &#8211; 700 e.Kr.).<\/span><\/p>\n<p style=\"text-align: justify; padding-left: 30px;\"><a href=\"https:\/\/se.conservationinethiopia.org\/wp-content\/uploads\/2011\/04\/1.-FINAL.-Debre-Selam-port3.jpg\"><img loading=\"lazy\" decoding=\"async\" class=\"alignnone size-full wp-image-1672\" title=\"1. FINAL. Debre Selam port\" src=\"https:\/\/se.conservationinethiopia.org\/wp-content\/uploads\/2011\/04\/1.-FINAL.-Debre-Selam-port3.jpg\" alt=\"\" width=\"225\" height=\"317\" srcset=\"https:\/\/se.conservationinethiopia.org\/wp-content\/uploads\/2011\/04\/1.-FINAL.-Debre-Selam-port3.jpg 225w, https:\/\/se.conservationinethiopia.org\/wp-content\/uploads\/2011\/04\/1.-FINAL.-Debre-Selam-port3-212x300.jpg 212w\" sizes=\"auto, (max-width: 225px) 100vw, 225px\" \/><\/a> <a href=\"https:\/\/se.conservationinethiopia.org\/wp-content\/uploads\/2011\/04\/1.-FINAL.-Den-v\u00e4stra-v\u00e4ggen-sedd-fr\u00e5n-s\u00f6der2.jpg\"><img loading=\"lazy\" decoding=\"async\" class=\"alignnone size-full wp-image-1673\" title=\"1. FINAL. Den v\u00e4stra v\u00e4ggen, sedd fr\u00e5n s\u00f6der\" src=\"https:\/\/se.conservationinethiopia.org\/wp-content\/uploads\/2011\/04\/1.-FINAL.-Den-v\u00e4stra-v\u00e4ggen-sedd-fr\u00e5n-s\u00f6der2.jpg\" alt=\"\" width=\"225\" height=\"317\" srcset=\"https:\/\/se.conservationinethiopia.org\/wp-content\/uploads\/2011\/04\/1.-FINAL.-Den-v\u00e4stra-v\u00e4ggen-sedd-fr\u00e5n-s\u00f6der2.jpg 225w, https:\/\/se.conservationinethiopia.org\/wp-content\/uploads\/2011\/04\/1.-FINAL.-Den-v\u00e4stra-v\u00e4ggen-sedd-fr\u00e5n-s\u00f6der2-212x300.jpg 212w\" sizes=\"auto, (max-width: 225px) 100vw, 225px\" \/><\/a><\/p>\n<h6 style=\"text-align: justify; padding-left: 30px;\"><span style=\"color: #000000;\">S\u00f6dra porten och \u00f6vrig exteri\u00f6r avspeglar det ur\u00e5ldriga aksumitiska byggnadss\u00e4ttet.<\/span><\/h6>\n<p style=\"text-align: justify;\">&nbsp;<\/p>\n<p style=\"text-align: justify;\">Det var till detta rike &#8211; som Etiopien har utvecklats ur &#8211; och till kung Ezana i huvudstaden Aksum den syriske munken Frumentius p\u00e5 tidigt 300-tal anl\u00e4nde, en h\u00e4ndelse som blev avg\u00f6rande f\u00f6r detta lands kristnande. Att vara uthuggen ur berget har denna kyrka gemensamt med omkring 150 kyrkor i Tigrai. Detta s\u00e4tt att med hammare och j\u00e4rn ur berget hugga ut och mejsla fram rummen med dess valv, pelare och arkitektoniska detaljer \u00e4r karakteristiskt f\u00f6r medeltidens etiopiska kyrkoarkitektur. Och att tr\u00e4da in i dessa st\u00e5tliga rum, ofta rikt utsmyckade med m\u00e5lningar fr\u00e5n golv till tak, \u00e4r en stor och exotisk upplevelse.<\/p>\n<p style=\"text-align: justify;\">&nbsp;<\/p>\n<p style=\"text-align: justify; padding-left: 30px;\"><a href=\"https:\/\/se.conservationinethiopia.org\/wp-content\/uploads\/2011\/04\/1.-Grottan-v\u00e4nster-225.jpg\"><img loading=\"lazy\" decoding=\"async\" class=\"alignnone size-full wp-image-1447\" title=\"1. Grottan, v\u00e4nster 225\" src=\"https:\/\/se.conservationinethiopia.org\/wp-content\/uploads\/2011\/04\/1.-Grottan-v\u00e4nster-225.jpg\" alt=\"\" width=\"225\" height=\"166\" \/><\/a> <a href=\"https:\/\/se.conservationinethiopia.org\/wp-content\/uploads\/2011\/04\/2.-Grottan-h\u00f6ger-225.jpg\"><img loading=\"lazy\" decoding=\"async\" class=\"alignnone size-full wp-image-1448\" title=\"2. Grottan, h\u00f6ger, 225\" src=\"https:\/\/se.conservationinethiopia.org\/wp-content\/uploads\/2011\/04\/2.-Grottan-h\u00f6ger-225.jpg\" alt=\"\" width=\"225\" height=\"168\" \/><\/a><\/p>\n<h6 style=\"text-align: justify; padding-left: 30px;\"><span style=\"color: #000000;\">Grottg\u00e5ng med b\u00e4ck som l\u00f6per runt delar av byggnaden. Foto: Karl-Gunnar Olsson.<\/span><\/h6>\n<p style=\"text-align: justify;\">&nbsp;<\/p>\n<p style=\"text-align: justify;\">Byggnaden har formen av en basilika med tre skepp och ett kor (m\u00e4qd\u00e4s). Det \u00e4r en t\u00e4mligen liten kyrka, men dess monumentala planl\u00f6sning och inb\u00f6rdes proportioner f\u00e5r den att framst\u00e5 som en mindre katedral. Den \u00e4r delvis inrymd i en grotta, som sent i byggnadens historia har kompletterats med en utskjutande portik, som bildar ett separat rum fram den egentliga kyrkan (se planritning). Detta g\u00f6r att Debre Selam Mikael ibland ocks\u00e5 kallas f\u00f6r &#8221;en kyrka i en kyrka&#8221;.<\/p>\n<p style=\"text-align: justify;\">Att vara uthuggen ur berget i ett stycke har denna byggnad gemensamt med omkring 150 andra kyrkor i Tigrai. En grottg\u00e5ng l\u00f6per l\u00e4ngs med byggnadens v\u00e4stra och norra sida. I denna flyter en b\u00e4ck och vattnet i denna \u00e4r enligt etiopierna heligt och anv\u00e4nds f\u00f6r rituellt bruk, till exempel vid dop.<\/p>\n<p style=\"text-align: justify;\">&nbsp;<\/p>\n<h4 style=\"text-align: justify;\"><span style=\"color: #000000;\">Den konstn\u00e4rliga utsmyckningen &#8211; rik dock i f\u00f6rfall<\/span><\/h4>\n<p style=\"text-align: justify;\">Den konstn\u00e4rliga utsmyckningen best\u00e5r av en l\u00e5ng rad muralm\u00e5lningar, utf\u00f6rda i al secco p\u00e5 puts, som tillsammans gestaltar ett bildprogram unikt f\u00f6r denna och f\u00f6r bara ett f\u00e5tal andra kyrkor i Etiopien. Delvis inspirerade fr\u00e5n koptisk och bysantinsk konst \u00e4r dessa m\u00e5lningar placerade p\u00e5 v\u00e4ggarna i det norra och det s\u00f6dra sidoskeppet och i kyrkans absid s\u00e5v\u00e4l som p\u00e5 pilastrar och pelare.<\/p>\n<p style=\"text-align: justify; padding-left: 30px;\"><a href=\"https:\/\/se.conservationinethiopia.org\/wp-content\/uploads\/2011\/04\/3..-Interior-northern-aisle-facing-west.-Photo-Lars-Gerdmar3.jpg\"><img loading=\"lazy\" decoding=\"async\" class=\"alignnone size-full wp-image-1463\" title=\"3.. Interior, northern aisle, facing west. Photo Lars Gerdmar\" src=\"https:\/\/se.conservationinethiopia.org\/wp-content\/uploads\/2011\/04\/3..-Interior-northern-aisle-facing-west.-Photo-Lars-Gerdmar3.jpg\" alt=\"\" width=\"225\" height=\"336\" srcset=\"https:\/\/se.conservationinethiopia.org\/wp-content\/uploads\/2011\/04\/3..-Interior-northern-aisle-facing-west.-Photo-Lars-Gerdmar3.jpg 225w, https:\/\/se.conservationinethiopia.org\/wp-content\/uploads\/2011\/04\/3..-Interior-northern-aisle-facing-west.-Photo-Lars-Gerdmar3-200x300.jpg 200w\" sizes=\"auto, (max-width: 225px) 100vw, 225px\" \/><\/a> <a href=\"https:\/\/se.conservationinethiopia.org\/wp-content\/uploads\/2011\/04\/4..-Northern-aisle-facing-east.-Photo-Lars-Gerdmar5.jpg\"><img loading=\"lazy\" decoding=\"async\" class=\"alignnone size-full wp-image-1464\" title=\"4.. Northern aisle, facing east. Photo Lars Gerdmar\" src=\"https:\/\/se.conservationinethiopia.org\/wp-content\/uploads\/2011\/04\/4..-Northern-aisle-facing-east.-Photo-Lars-Gerdmar5.jpg\" alt=\"\" width=\"226\" height=\"337\" srcset=\"https:\/\/se.conservationinethiopia.org\/wp-content\/uploads\/2011\/04\/4..-Northern-aisle-facing-east.-Photo-Lars-Gerdmar5.jpg 226w, https:\/\/se.conservationinethiopia.org\/wp-content\/uploads\/2011\/04\/4..-Northern-aisle-facing-east.-Photo-Lars-Gerdmar5-201x300.jpg 201w\" sizes=\"auto, (max-width: 226px) 100vw, 226px\" \/><\/a><\/p>\n<h6 style=\"text-align: justify; padding-left: 30px;\"><span style=\"color: #000000;\">Norra sidoskeppet. Den v\u00e4stra respektive \u00f6stra v\u00e4ggen och dess m\u00e5lningar.<\/span><\/h6>\n<p style=\"text-align: justify;\">&nbsp;<\/p>\n<p style=\"text-align: justify;\">Vid en prelimin\u00e4r bed\u00f6mning f\u00f6refaller det \u00f6vergripande temat gestalta den himmelska och jordiska kyrkan, och unikt f\u00f6r denna utsmyckning \u00e4r att man h\u00e4r \u00e4ven finner motivet &#8221;Majestas Domini&#8221;, som annars \u00e4r mycket ovanligt i Etiopien. Dock v\u00e4ntar detta i l\u00e5nga stycken s\u00e4regna bildprogram, partiellt dolt under sekel av smuts, \u00e4nnu p\u00e5 att utforskas.<\/p>\n<div class=\"mceTemp\" style=\"text-align: justify;\">\n<dl class=\"wp-caption alignnone\" style=\"width: 310px;\">\n<dt class=\"wp-caption-dt\"><img loading=\"lazy\" decoding=\"async\" title=\"Elefantscen med barn\" src=\"http:\/\/www.imagonova.com\/MinaFiler\/25.%20elephant%20scen,%20300%20detail.%20lower%20mural,%20west%20wall,%20northern%20aisle.%20photo%20lars%20gerdmar%20.jpg\" alt=\"\" width=\"300\" height=\"448\" \/><\/dt>\n<\/dl>\n<\/div>\n<h6 style=\"text-align: justify; padding-left: 30px;\">Elefantscen. Detalj. V\u00e4stra v\u00e4ggen, norra sidoskeppet.<\/h6>\n<p style=\"text-align: justify;\">&nbsp;<\/p>\n<p style=\"text-align: justify;\">Tillst\u00e5ndet f\u00f6r de m\u00e5lningar som alltj\u00e4mt \u00e4r bevarade &#8211; p\u00e5 n\u00e5gra platser har de redan helt f\u00f6rfallit &#8211; \u00e4r generellt sett alarmerande. De \u00e4r i akut behov av konservering och om inget g\u00f6rs kommer samtliga dessa inom decennier att vara skattade \u00e5t f\u00f6rg\u00e4ngelsen.<\/p>\n<div class=\"mceTemp\" style=\"text-align: justify;\">\n<dl class=\"wp-caption alignnone\" style=\"width: 410px;\">\n<dt class=\"wp-caption-dt\"><img loading=\"lazy\" decoding=\"async\" title=\"Fyra scener\" src=\"http:\/\/www.imagonova.com\/MinaFiler\/28.%20four%20scens,%20400.%20east%20wall,%20northern%20aisle.%20photo%20lars%20gerdmar.jpg\" alt=\"\" width=\"400\" height=\"449\" \/><\/dt>\n<\/dl>\n<\/div>\n<h6 style=\"text-align: justify; padding-left: 30px;\">Fyra scener i accelererande f\u00f6rfall. Norra sidoskeppet, \u00f6stra v\u00e4ggen.<\/h6>\n<p>&nbsp;<\/p>\n<div class=\"mceTemp\" style=\"text-align: justify;\">\n<dl class=\"wp-caption alignnone\" style=\"width: 410px;\">\n<dt class=\"wp-caption-dt\"><img loading=\"lazy\" decoding=\"async\" title=\"Den sv\u00e5rast skadade\" src=\"http:\/\/www.imagonova.com\/MinaFiler\/64.%20two%20saints.%20400%20upper%20left%20mural,%20east%20wall,%20northern%20aisle.%20photo%20lars%20gerdmar.jpg\" alt=\"\" width=\"400\" height=\"582\" \/><\/dt>\n<\/dl>\n<\/div>\n<h6 style=\"padding-left: 30px;\">Den sv\u00e5rast skadade \u00f6vre v\u00e4nstra fresken. Norra sidoskeppet, \u00f6stra v\u00e4ggen.<\/h6>\n<p style=\"text-align: justify;\">&nbsp;<\/p>\n<p style=\"text-align: justify;\">Den i fotot ovanf\u00f6r exponerade fresken g\u00e5r alltj\u00e4mt mycket v\u00e4l att r\u00e4dda och de \u00f6vriga m\u00e5lningarna p\u00e5 denna v\u00e4gg likas\u00e5. Genom konsolidering f\u00e4sts all l\u00f6st sittande puts och f\u00e4rg och d\u00e4refter kan denna och \u00f6vriga m\u00e5lningar reng\u00f6ras. L\u00e4gg m\u00e4rke till att ansiktena med dess linj\u00e4rt tecknade \u00f6gon och n\u00e4sor s\u00e5v\u00e4l som gloriorna omkring huvudena trots kraftigt sprucken puts alltj\u00e4mt \u00e4r delvis intakta. Efter noggrann konsolidering och reng\u00f6ring enligt v\u00e4l bepr\u00f6vade metoder och d\u00e4refter genom sparsam retuschering samt viss inm\u00e5lning av ruinerad bakgrundsf\u00e4rg kan mycket av det som h\u00e4r just nu ser s\u00e5 hoppl\u00f6st sorgligt ut \u00e5terst\u00e4llas.<\/p>\n<p style=\"text-align: justify;\">Vid sidan av ytterligare endast en kyrka i Etiopien, Yemr\u00e4hann\u00e4 Krestos, bel\u00e4gen n\u00e5gra mil norr om Lalibela, \u00e4r dessa m\u00e5lningar de \u00e4ldsta bevarade i landet, enligt prelimin\u00e4ra dateringar utf\u00f6rda mellan 1000- och 100-talet<\/p>\n<p style=\"text-align: justify;\">L\u00e4s mer om projektet Debre Selam Mika&#8217;el och om vad professor Richard Pankhurst, v\u00e5r fr\u00e4mste f\u00f6respr\u00e5kare, s\u00e4ger om det akuta behovet av \u00e5tg\u00e4rder och den r\u00e4ddningsaktion av dessa m\u00e5lningar och andra bildprogram som st\u00e5r p\u00e5 v\u00e5r agenda.<\/p>\n<div class=\"mceTemp\" style=\"text-align: justify;\">\n<dl class=\"wp-caption alignnone\" style=\"width: 510px;\">\n<dt class=\"wp-caption-dt\"><img loading=\"lazy\" decoding=\"async\" title=\"De nio H.\" src=\"http:\/\/www.imagonova.com\/MinaFiler\/3.%20eight%20saints.%20lower%20east%20register,%20below%20eastern%20lunette,%20north%20wall,%20northern%20aisle.%20photo%20lars%20gerdmar.jpg\" alt=\"\" width=\"500\" height=\"194\" \/><\/dt>\n<\/dl>\n<\/div>\n<h6 style=\"padding-left: 30px;\">&#8221;De\u00a0nio\u00a0helgonen&#8221; i miserabelt skick. Strax under <em>Majestas Domini<\/em>. Norra sidoskeppet.<\/h6>\n<p>&nbsp;<\/p>\n<p>Richard Pankhurst \u00e4r professor i historia och grundare av Institute of Ethiopian Studies (IES), Addis Ababa University, internationellt centrum f\u00f6r forskning inom etiopisk humaniora. Han \u00e4r en v\u00e4rldsber\u00f6md forskare och central gestalt inom inom det etiopiska kultur- och universitetslivet och ocks\u00e5 h\u00f6gt respekterad hos den etiopiska allm\u00e4nheten stort. I sin rekommendation talar han om den akuta situationen f\u00f6r den \u00e4ldre sakrala konsten i Etiopien och sammanfattar betydelsen pilotprojektet Debre Selam Mikael:\u00a0<a title=\"Rek Pankhurst\" href=\"http:\/\/www.conservationinethiopia.org\/?page_id=330\"><span style=\"color: #008000;\">Letter of rekommendation by Richard Pankhurst.<\/span><\/a><\/p>\n<p style=\"text-align: justify;\">&nbsp;<\/p>\n<p style=\"text-align: justify;\">Lars Gerdmar<\/p>\n<h6><span style=\"font-size: 13px; font-weight: normal;\">____________________________________________________________________________________<\/span><\/h6>\n<h6 style=\"padding-left: 270px;\">Foto om ej annat anges: Lars Gerdmar<br \/>\nBildsk\u00e4llor: \u00a0Carmen Deas, Karl-Gunnar Olsson,<br \/>\nLars Gerdmar och Jean Gire:<br \/>\nLes Dossiers De L&#8217;Arch\u00e9ologie, No 8, 1975<\/h6>\n<h6 style=\"padding-left: 270px;\"><span style=\"color: #000000;\">Copyright \u00a9 Text och bild SCECH,<\/span><br \/>\n<span style=\"color: #000000;\"> f\u00f6rfattaren och fotograferna 2011<\/span><\/h6>\n<p style=\"text-align: justify;\"><span style=\"font-size: x-small;\"><span style=\"font-size: 10px;\"><strong><br \/>\n<\/strong><\/span><\/span><\/p>\n<p style=\"text-align: justify;\">&nbsp;<\/p>\n<p style=\"text-align: justify;\">&nbsp;<\/p>\n<p style=\"text-align: justify;\"><span style=\"font-size: 10px; font-weight: bold;\"><span style=\"color: #008000;\"><br \/>\n<\/span><\/span><\/p>\n<p>&nbsp;<\/p>\n","protected":false},"excerpt":{"rendered":"<p>DEBRE SELAM MIKA&#8217;EL M\u00e5lningar och byggnad &#8211; kort beskrivning Damages to cultural property belonging to any people whatsovever means damages to the cultural heritage of all mankind since each people makes its constribution to the cultural of the world The Hague convention, 1954 &nbsp; Copyright \u00a9 Text och bild SSCECH 2011 Den sentida portiken som [&hellip;]<\/p>\n","protected":false},"author":2,"featured_media":0,"parent":0,"menu_order":0,"comment_status":"open","ping_status":"open","template":"","meta":{"footnotes":""},"class_list":["post-91","page","type-page","status-publish","hentry"],"_links":{"self":[{"href":"https:\/\/se.conservationinethiopia.org\/index.php?rest_route=\/wp\/v2\/pages\/91","targetHints":{"allow":["GET"]}}],"collection":[{"href":"https:\/\/se.conservationinethiopia.org\/index.php?rest_route=\/wp\/v2\/pages"}],"about":[{"href":"https:\/\/se.conservationinethiopia.org\/index.php?rest_route=\/wp\/v2\/types\/page"}],"author":[{"embeddable":true,"href":"https:\/\/se.conservationinethiopia.org\/index.php?rest_route=\/wp\/v2\/users\/2"}],"replies":[{"embeddable":true,"href":"https:\/\/se.conservationinethiopia.org\/index.php?rest_route=%2Fwp%2Fv2%2Fcomments&post=91"}],"version-history":[{"count":104,"href":"https:\/\/se.conservationinethiopia.org\/index.php?rest_route=\/wp\/v2\/pages\/91\/revisions"}],"predecessor-version":[{"id":95,"href":"https:\/\/se.conservationinethiopia.org\/index.php?rest_route=\/wp\/v2\/pages\/91\/revisions\/95"}],"wp:attachment":[{"href":"https:\/\/se.conservationinethiopia.org\/index.php?rest_route=%2Fwp%2Fv2%2Fmedia&parent=91"}],"curies":[{"name":"wp","href":"https:\/\/api.w.org\/{rel}","templated":true}]}}